{"id":2,"date":"2021-10-17T16:39:45","date_gmt":"2021-10-17T14:39:45","guid":{"rendered":"https:\/\/mittelstandsforum.org\/baden-wuerttemberg\/?page_id=2"},"modified":"2026-03-24T14:53:50","modified_gmt":"2026-03-24T13:53:50","slug":"beispiel-seite","status":"publish","type":"page","link":"https:\/\/mittelstandsforum.org\/baden-wuerttemberg\/","title":{"rendered":"Startseite"},"content":{"rendered":"\t\t<div data-elementor-type=\"wp-page\" data-elementor-id=\"2\" class=\"elementor elementor-2\" data-elementor-post-type=\"page\">\n\t\t\t\t<div class=\"elementor-element elementor-element-0f9bd64 e-flex e-con-boxed e-con e-parent\" data-id=\"0f9bd64\" data-element_type=\"container\" data-e-type=\"container\">\n\t\t\t\t\t<div class=\"e-con-inner\">\n\t\t<a class=\"elementor-element elementor-element-0aff069 e-con-full e-flex e-con e-child\" data-id=\"0aff069\" data-element_type=\"container\" data-e-type=\"container\" href=\"https:\/\/mittelstandsforum.org\/baden-wuerttemberg\/\">\n\t\t<div class=\"elementor-element elementor-element-dbb7fed e-con-full e-flex e-con e-child\" data-id=\"dbb7fed\" data-element_type=\"container\" data-e-type=\"container\">\n\t\t\t\t<div class=\"elementor-element elementor-element-1d04890 elementor-widget__width-auto elementor-widget elementor-widget-heading\" data-id=\"1d04890\" data-element_type=\"widget\" data-e-type=\"widget\" data-widget_type=\"heading.default\">\n\t\t\t\t<div class=\"elementor-widget-container\">\n\t\t\t\t\t<h1 class=\"elementor-heading-title elementor-size-default\">Baden-W\u00fcrttemberg<\/h1>\t\t\t\t<\/div>\n\t\t\t\t<\/div>\n\t\t\t\t<\/div>\n\t\t\t\t<\/a>\n\t\t\t\t\t<\/div>\n\t\t\t\t<\/div>\n\t\t<div class=\"elementor-element elementor-element-729667f e-flex e-con-boxed e-con e-parent\" data-id=\"729667f\" data-element_type=\"container\" data-e-type=\"container\">\n\t\t\t\t\t<div class=\"e-con-inner\">\n\t\t<div class=\"elementor-element elementor-element-219e6c0 e-con-full e-flex e-con e-child\" data-id=\"219e6c0\" data-element_type=\"container\" data-e-type=\"container\">\n\t\t<div class=\"elementor-element elementor-element-74960ce e-con-full e-flex e-con e-child\" data-id=\"74960ce\" data-element_type=\"container\" data-e-type=\"container\">\n\t\t\t\t<div class=\"elementor-element elementor-element-591ace1 elementor-widget elementor-widget-heading\" data-id=\"591ace1\" data-element_type=\"widget\" data-e-type=\"widget\" data-widget_type=\"heading.default\">\n\t\t\t\t<div class=\"elementor-widget-container\">\n\t\t\t\t\t<h4 class=\"elementor-heading-title elementor-size-default\">Ihr Landesrepr\u00e4sentant in Baden-W\u00fcrttemberg:<\/h4>\t\t\t\t<\/div>\n\t\t\t\t<\/div>\n\t\t\t\t<\/div>\n\t\t<div class=\"elementor-element elementor-element-5d70fd6 e-con-full e-flex e-con e-child\" data-id=\"5d70fd6\" data-element_type=\"container\" data-e-type=\"container\">\n\t\t<div class=\"elementor-element elementor-element-f06c35d e-con-full e-flex e-con e-child\" data-id=\"f06c35d\" data-element_type=\"container\" data-e-type=\"container\">\n\t\t\t\t<div class=\"elementor-element elementor-element-fb27e5b elementor-widget elementor-widget-image\" data-id=\"fb27e5b\" data-element_type=\"widget\" data-e-type=\"widget\" data-widget_type=\"image.default\">\n\t\t\t\t<div class=\"elementor-widget-container\">\n\t\t\t\t\t\t\t\t\t\t\t\t\t\t\t<img decoding=\"async\" width=\"196\" height=\"244\" src=\"https:\/\/mittelstandsforum.org\/baden-wuerttemberg\/wp-content\/uploads\/sites\/16\/2026\/03\/Carola-Wolle-AFD.jpg\" class=\"attachment-full size-full wp-image-40\" alt=\"\" \/>\t\t\t\t\t\t\t\t\t\t\t\t\t\t\t<\/div>\n\t\t\t\t<\/div>\n\t\t\t\t<\/div>\n\t\t<div class=\"elementor-element elementor-element-2842120 e-con-full e-flex e-con e-child\" data-id=\"2842120\" data-element_type=\"container\" data-e-type=\"container\">\n\t\t\t\t<div class=\"elementor-element elementor-element-06f356d elementor-widget elementor-widget-html\" data-id=\"06f356d\" data-element_type=\"widget\" data-e-type=\"widget\" data-widget_type=\"html.default\">\n\t\t\t\t<div class=\"elementor-widget-container\">\n\t\t\t\t\t<div class=\"elementor-element elementor-element-facb28f elementor-widget elementor-widget-image\" data-id=\"facb28f\" data-element_type=\"widget\" data-e-type=\"widget\" data-widget_type=\"image.default\">\n\t\t\t\t<div class=\"elementor-widget-container\">\n\t\t\t\t\t\t\t\t\t\t\t\t\t\t\t<img loading=\"lazy\" loading=\"lazy\" decoding=\"async\" width=\"86\" height=\"99\" src=\"https:\/\/mittelstandsforum.org\/wp-content\/themes\/msf\/assets\/images\/wappen\/baden-wuerttemberg.png\" class=\"attachment-full size-full wp-image-1300\" alt=\"\">\t\t\t\t\t\t\t\t\t\t\t\t\t\t\t<\/div>\n\t\t\t\t<\/div>\t\t\t\t<\/div>\n\t\t\t\t<\/div>\n\t\t\t\t<div class=\"elementor-element elementor-element-d07aebc elementor-widget elementor-widget-heading\" data-id=\"d07aebc\" data-element_type=\"widget\" data-e-type=\"widget\" data-widget_type=\"heading.default\">\n\t\t\t\t<div class=\"elementor-widget-container\">\n\t\t\t\t\t<h5 class=\"elementor-heading-title elementor-size-default\">Carola Wolle, MdL<\/h5>\t\t\t\t<\/div>\n\t\t\t\t<\/div>\n\t\t\t\t<div class=\"elementor-element elementor-element-3cc8442 elementor-align-center elementor-icon-list--layout-traditional elementor-list-item-link-full_width elementor-widget elementor-widget-icon-list\" data-id=\"3cc8442\" data-element_type=\"widget\" data-e-type=\"widget\" data-widget_type=\"icon-list.default\">\n\t\t\t\t<div class=\"elementor-widget-container\">\n\t\t\t\t\t\t\t<ul class=\"elementor-icon-list-items\">\n\t\t\t\t\t\t\t<li class=\"elementor-icon-list-item\">\n\t\t\t\t\t\t\t\t\t\t\t<a href=\"mailto:baden-wuerttemberg@mittelstandsforum.org\">\n\n\t\t\t\t\t\t\t\t\t\t\t\t<span class=\"elementor-icon-list-icon\">\n\t\t\t\t\t\t\t<i aria-hidden=\"true\" class=\"fas fa-envelope\"><\/i>\t\t\t\t\t\t<\/span>\n\t\t\t\t\t\t\t\t\t\t<span class=\"elementor-icon-list-text\">baden-wuerttemberg@mittelstandsforum.org<\/span>\n\t\t\t\t\t\t\t\t\t\t\t<\/a>\n\t\t\t\t\t\t\t\t\t<\/li>\n\t\t\t\t\t\t<\/ul>\n\t\t\t\t\t\t<\/div>\n\t\t\t\t<\/div>\n\t\t\t\t<\/div>\n\t\t\t\t<\/div>\n\t\t\t\t<\/div>\n\t\t<a class=\"elementor-element elementor-element-8afc654 e-con-full e-flex e-con e-child\" data-id=\"8afc654\" data-element_type=\"container\" data-e-type=\"container\" href=\"https:\/\/mittelstandsforum.org\/baden-wuerttemberg\/blog\/\">\n\t\t<div class=\"elementor-element elementor-element-220151b e-con-full e-flex e-con e-child\" data-id=\"220151b\" data-element_type=\"container\" data-e-type=\"container\">\n\t\t\t\t<div class=\"elementor-element elementor-element-f26f489 elementor-widget elementor-widget-heading\" data-id=\"f26f489\" data-element_type=\"widget\" data-e-type=\"widget\" data-widget_type=\"heading.default\">\n\t\t\t\t<div class=\"elementor-widget-container\">\n\t\t\t\t\t<h4 class=\"elementor-heading-title elementor-size-default\">Neuigkeiten aus Baden-W\u00fcrttemberg:<\/h4>\t\t\t\t<\/div>\n\t\t\t\t<\/div>\n\t\t\t\t<\/div>\n\t\t<div class=\"elementor-element elementor-element-b403183 e-con-full e-flex e-con e-child\" data-id=\"b403183\" data-element_type=\"container\" data-e-type=\"container\">\n\t\t<div class=\"elementor-element elementor-element-9200d42 e-con-full e-flex e-con e-child\" data-id=\"9200d42\" data-element_type=\"container\" data-e-type=\"container\">\n\t\t\t\t<div class=\"elementor-element elementor-element-c5598c1 elementor-widget elementor-widget-image\" data-id=\"c5598c1\" data-element_type=\"widget\" data-e-type=\"widget\" data-widget_type=\"image.default\">\n\t\t\t\t<div class=\"elementor-widget-container\">\n\t\t\t\t\t\t\t\t\t\t\t\t\t\t\t<img fetchpriority=\"high\" decoding=\"async\" width=\"405\" height=\"220\" src=\"https:\/\/mittelstandsforum.org\/baden-wuerttemberg\/wp-content\/uploads\/sites\/16\/2026\/03\/PHOTO-2026-01-13-11-42-26.jpg\" class=\"attachment-full size-full wp-image-38\" alt=\"\" srcset=\"https:\/\/mittelstandsforum.org\/baden-wuerttemberg\/wp-content\/uploads\/sites\/16\/2026\/03\/PHOTO-2026-01-13-11-42-26.jpg 405w, https:\/\/mittelstandsforum.org\/baden-wuerttemberg\/wp-content\/uploads\/sites\/16\/2026\/03\/PHOTO-2026-01-13-11-42-26-300x163.jpg 300w\" sizes=\"(max-width: 405px) 100vw, 405px\" \/>\t\t\t\t\t\t\t\t\t\t\t\t\t\t\t<\/div>\n\t\t\t\t<\/div>\n\t\t\t\t<\/div>\n\t\t<div class=\"elementor-element elementor-element-8b425c2 e-con-full e-flex e-con e-child\" data-id=\"8b425c2\" data-element_type=\"container\" data-e-type=\"container\">\n\t\t\t\t<div class=\"elementor-element elementor-element-d3f2e8b elementor-widget elementor-widget-html\" data-id=\"d3f2e8b\" data-element_type=\"widget\" data-e-type=\"widget\" data-widget_type=\"html.default\">\n\t\t\t\t<div class=\"elementor-widget-container\">\n\t\t\t\t\t<div class=\"elementor-element elementor-element-facb28f elementor-widget elementor-widget-image\" data-id=\"facb28f\" data-element_type=\"widget\" data-e-type=\"widget\" data-widget_type=\"image.default\">\n\t\t\t\t<div class=\"elementor-widget-container\">\n\t\t\t\t\t\t\t\t\t\t\t\t\t\t\t<img loading=\"lazy\" loading=\"lazy\" decoding=\"async\" width=\"86\" height=\"99\" src=\"https:\/\/mittelstandsforum.org\/wp-content\/themes\/msf\/assets\/images\/wappen\/baden-wuerttemberg.png\" class=\"attachment-full size-full wp-image-1300\" alt=\"\">\t\t\t\t\t\t\t\t\t\t\t\t\t\t\t<\/div>\n\t\t\t\t<\/div>\t\t\t\t<\/div>\n\t\t\t\t<\/div>\n\t\t\t\t<div class=\"elementor-element elementor-element-3e8c534 elementor-widget elementor-widget-heading\" data-id=\"3e8c534\" data-element_type=\"widget\" data-e-type=\"widget\" data-widget_type=\"heading.default\">\n\t\t\t\t<div class=\"elementor-widget-container\">\n\t\t\t\t\t<h5 class=\"elementor-heading-title elementor-size-default\">Veranstaltungen &amp; Aktuelles<\/h5>\t\t\t\t<\/div>\n\t\t\t\t<\/div>\n\t\t\t\t<div class=\"elementor-element elementor-element-9155247 elementor-widget elementor-widget-text-editor\" data-id=\"9155247\" data-element_type=\"widget\" data-e-type=\"widget\" data-widget_type=\"text-editor.default\">\n\t\t\t\t<div class=\"elementor-widget-container\">\n\t\t\t\t\t\t\t\t\t<p style=\"text-align: center;\">mittelstandsforum.org\/baden-wuerttemberg\/blog\/<\/p>\t\t\t\t\t\t\t\t<\/div>\n\t\t\t\t<\/div>\n\t\t\t\t<\/div>\n\t\t\t\t<\/div>\n\t\t\t\t<\/a>\n\t\t\t\t\t<\/div>\n\t\t\t\t<\/div>\n\t\t\t\t<\/div>\n\t\t","protected":false},"excerpt":{"rendered":"<p>Baden-W\u00fcrttemberg Ihr Landesrepr\u00e4sentant in Baden-W\u00fcrttemberg: Carola Wolle, MdL baden-wuerttemberg@mittelstandsforum.org Neuigkeiten aus Baden-W\u00fcrttemberg: Veranstaltungen &amp; Aktuelles mittelstandsforum.org\/baden-wuerttemberg\/blog\/<\/p>\n","protected":false},"author":1,"featured_media":0,"parent":0,"menu_order":0,"comment_status":"closed","ping_status":"open","template":"","meta":{"_acf_changed":false,"footnotes":""},"class_list":["post-2","page","type-page","status-publish","hentry"],"acf":[],"_links":{"self":[{"href":"https:\/\/mittelstandsforum.org\/baden-wuerttemberg\/wp-json\/wp\/v2\/pages\/2","targetHints":{"allow":["GET"]}}],"collection":[{"href":"https:\/\/mittelstandsforum.org\/baden-wuerttemberg\/wp-json\/wp\/v2\/pages"}],"about":[{"href":"https:\/\/mittelstandsforum.org\/baden-wuerttemberg\/wp-json\/wp\/v2\/types\/page"}],"author":[{"embeddable":true,"href":"https:\/\/mittelstandsforum.org\/baden-wuerttemberg\/wp-json\/wp\/v2\/users\/1"}],"replies":[{"embeddable":true,"href":"https:\/\/mittelstandsforum.org\/baden-wuerttemberg\/wp-json\/wp\/v2\/comments?post=2"}],"version-history":[{"count":22,"href":"https:\/\/mittelstandsforum.org\/baden-wuerttemberg\/wp-json\/wp\/v2\/pages\/2\/revisions"}],"predecessor-version":[{"id":52,"href":"https:\/\/mittelstandsforum.org\/baden-wuerttemberg\/wp-json\/wp\/v2\/pages\/2\/revisions\/52"}],"wp:attachment":[{"href":"https:\/\/mittelstandsforum.org\/baden-wuerttemberg\/wp-json\/wp\/v2\/media?parent=2"}],"curies":[{"name":"wp","href":"https:\/\/api.w.org\/{rel}","templated":true}]}}